{"version":"1.0","provider_name":"Babav\u00e1r\u00e1som t\u00f6rt\u00e9nete","provider_url":"https:\/\/ancu.cafeblog.hu","author_name":"Ancu","author_url":"https:\/\/ancu.cafeblog.hu\/author\/Ancu-2-2-2\/","title":"Terhel\u00e9ses cukor + egy\u00e9b","html":"<p><span style=\"font-family: Verdana;\"><span style=\"font-size: 13px;\"><span style=\"font-size: 15px;\">Ez egy remek v\u00e9rvizsg\u00e1lat.<\/span><\/span><\/span><\/p><p><span style=\"font-family: Verdana; font-size: 15px;\">J\u00f3 kor\u00e1n \u00e9hgyomorra kell menni, leveszik a v\u00e9red. Ezut\u00e1n megitatnak veled egy j\u00f3 nagy poh\u00e1r gl\u00fck\u00f3zzal teli (cukros) l\u00f6tyit. Az \u00edze rettenetes \u00e9s kicsit darabos is, ami vagy m\u00e9g 10 percig kaparja a torkodat.<\/span><\/p><p><span style=\"font-family: Verdana; font-size: 15px;\"><span style=\"font-size: 16px;\">Majd v\u00e1rni kell 2 \u00f3r\u00e1t a k\u00f6vetkez\u0151 v\u00e9rv\u00e9telig.<\/span><\/span><\/p><p><span style=\"font-family: Verdana; font-size: 16px;\">Sebaj, most m\u00e1r t\u00fal vagyok rajta, eredm\u00e9nyek hamarosan<\/span><span style=\"font-family: Verdana; font-size: 16px;\">..........<\/span><\/p><p><br><\/p><p><span style=\"font-family: Verdana; font-size: 16px;\">Valamelyik nap elment\u00fcnk az Ike\u00e1ba.<\/span><\/p><p><span style=\"font-family: Verdana; font-size: 16px;\">H\u00e1t nem sok mindent tal\u00e1ltam<\/span><span style=\"font-family: Verdana; font-size: 16px;\">... :(<\/span><\/p><p><span style=\"font-family: Verdana; font-size: 16px;\">Leped\u0151t nem is lehet kapni a mi 70x140-es m\u00e9ret\u00fcnkre. Mi\u00e9rt is lehetne, hiszen 60x120-as van b\u0151ven, 2 db potom 1.290-\u00e9rt.Mehet\u00fcnk a Kik\u00e1ba, ahol egy darab 2.000, vagy bababoltokba, ahol tal\u00e1n m\u00e9g t\u00f6bb. <\/span><span style=\"font-family: Verdana; font-size: 16px;\">Sebaj...megszoktam.<\/span><\/p><p><span style=\"font-family: Verdana; font-size: 15px;\">Az\u00e9rt vett\u00fcnk egy 10 darabos mosd\u00f3keszty\u0171t, ami nem csak f\u00fcrdet\u00e9sre lesz j\u00f3. <\/span><br><\/p><center><img src=\"https:\/\/ancu.cafeblog.hu\/files\/kramamosdokesztyufeher__12404_PE090073_S4.jpg\" class=\"blogkep\" align=\"middle\"><br><div style=\"text-align: left;\"><span style=\"font-family: Verdana;\"><span style=\"font-size: 15px;\"><span style=\"font-size: 16px;\">Valamint sokat gondolkodtam a baldahinos dolgon. Legyen\/ne legyen. Azt\u00e1n itt az Ik\u00e1ban megtal\u00e1ltam az igazit, \u00edgy meg is vettem. Ez minden f\u00e9le\/fajta \u00e1gynem\u0171h\u00f6z menni fog, nem kell k\u00fcl\u00f6n minden egyes szetthez venni. \u00c9s szerintem a szob\u00e1t is fel fogja dobni. Nem besz\u00e9lve arr\u00f3l, hogy nem csak a kis feje k\u00f6r\u00fcl van, hanem az eg\u00e9sz kis\u00e1gyat be lehet vele fedni.<\/span><\/span><\/span><br><center><img src=\"https:\/\/ancu.cafeblog.hu\/files\/fableragybaldachinvegyesszinek__79130_PE202647_S4.jpg\" class=\"blogkep\" align=\"middle\"><\/center><br><\/div><\/center>","type":"rich"}